{"id":9,"date":"2013-05-06T12:38:53","date_gmt":"2013-05-06T10:38:39","guid":{"rendered":"http:\/\/www.ferienwohnunglignano.at\/?page_id=9"},"modified":"2025-02-06T11:04:30","modified_gmt":"2025-02-06T10:04:30","slug":"wohnungen","status":"publish","type":"page","link":"https:\/\/www.ferienwohnunglignano.at\/?page_id=9","title":{"rendered":"Wohnungen"},"content":{"rendered":"<h2 align=\"center\"><span style=\"color: #0000ff;\"><b>FERIENWOHNUNGVERMIETUNG VON PRIVAT !<\/b><\/span><\/h2>\n<p style=\"text-align: center;\"><span style=\"color: #ff0000;\">WIR HABEN WI-FI UND KLIMAANLAGE!!<\/span><\/p>\n<p>&nbsp;<\/p>\n<p style=\"text-align: justify;\">Haus Bivi liegt in Lignano Sabbiadoro, 150 mt. von Meer entfernt und ein Paar Schritte vom Einkaufszentrum.<\/p>\n<p style=\"text-align: justify;\">Unser Haus bietet seinen G\u00e4sten 8 m\u00f6blierte Ferienwohnungen auf 3 Stockwerken mit einem privaten Aufzug.<\/p>\n<p style=\"text-align: justify;\">Die Wohnungen sind von ca 39 m\u00b2 bis 60 m\u00b2 gro\u00df und bieten Platz f\u00fcr 2-6 Personen.<\/p>\n<p style=\"text-align: justify;\">Sie verf\u00fcgen \u00fcber ein bis zwei Schlafzimmer, Wohnzimmer mit TV und Schlafsofa, Bad mit Duschkabine\/WC, Balkon, Klima und K\u00fcche mit Geschirr und Mikrowelle.<\/p>\n<p style=\"text-align: justify;\">Gedeckter Privatparkplatz, We-Lan im ganzen Haus und\u00a0 zwei Waschmaschinen sind inbegriffen.<\/p>\n<p style=\"text-align: justify;\">Auch Betten f\u00fcr Kleinkinder sind kostenlos verf\u00fcgbar.<\/p>\n<p style=\"text-align: justify;\">Auf Anfrage stellen wir auch die Bettw\u00e4sche (\u20ac 12,00 pro Person) und Handt\u00fccher (\u20ac 6 pro Person).<\/p>\n<p style=\"text-align: justify;\">Unsere Familie vermietet die Ferienwohnungen seit 1975 direkt ohne Agentur, die Apartments sind verschieden gro\u00df und wurden zwischenzeitlich immer wieder renoviert.\u00a0 In den gepflegten und ger\u00e4umigen Wohnungen k\u00f6nnen bis zu 6 Personen \u00fcbernachten. Alle Wohnungen verf\u00fcgen \u00fcber Balkon und\u00a0 gedeckten Parkplatz im eingez\u00e4unten Hof. \u00dcber den Aufzug kommt man bequem auch mit Kinderwagen in die Wohnungen.<\/p>\n<p style=\"text-align: justify;\">Bei Ihrer Ankunft begr\u00fc\u00dfen wir Sie pers\u00f6nlich und bringen Sie in die Wohnung \u00a0die Sie gew\u00e4hlt haben. Und sollten Sie etwas ben\u00f6tigen, stehen wir immer gerne und schnell zur Verf\u00fcgung, da wir im selben Geb\u00e4ude wohnen, wo Sie Ihre Ferien verbringen. Sie m\u00fcssen nicht telefonieren oder in die Agentur gehen, wenn etwas fehlt oder kaputt gegangen ist.<\/p>\n<p>Haustiere sind nicht erlaubt.<\/p>\n<p>&nbsp;<\/p>\n<p>CIN<\/p>\n<p>APP. 1\u00a0 \u00a0IT030049B4IIVXMXE4\u00a0 \u00a0 \u00a0 \u00a0 \u00a0 APP. 5\u00a0 IT030049B4T49E762N<\/p>\n<p>APP. 2\u00a0 IT030049B4UHTXSR4S\u00a0 \u00a0 \u00a0 \u00a0 \u00a0APP. 6\u00a0 IT030049B4TI4OFGP9<\/p>\n<p>APP. 3\u00a0 IT030049B4WTGG48YK\u00a0 \u00a0 \u00a0 \u00a0 APP. 7\u00a0 IT030049B4SNSA2JGW<\/p>\n<p>APP. 4\u00a0 IT030049B4QBX7FZ45\u00a0 \u00a0 \u00a0 \u00a0 \u00a0 APP. 8\u00a0 IT030049B4V2K4NXGU<\/p>\n<p>&nbsp;<\/p>\n\n\t\t<style type=\"text\/css\">\n\t\t\t#gallery-1 {\n\t\t\t\tmargin: auto;\n\t\t\t}\n\t\t\t#gallery-1 .gallery-item {\n\t\t\t\tfloat: left;\n\t\t\t\tmargin-top: 10px;\n\t\t\t\ttext-align: center;\n\t\t\t\twidth: 25%;\n\t\t\t}\n\t\t\t#gallery-1 img {\n\t\t\t\tborder: 2px solid #cfcfcf;\n\t\t\t}\n\t\t\t#gallery-1 .gallery-caption {\n\t\t\t\tmargin-left: 0;\n\t\t\t}\n\t\t\t\/* see gallery_shortcode() in wp-includes\/media.php *\/\n\t\t<\/style>\n\t\t<div id='gallery-1' class='gallery galleryid-9 gallery-columns-4 gallery-size-thumbnail'><dl class='gallery-item'>\n\t\t\t<dt class='gallery-icon landscape'>\n\t\t\t\t<a href='https:\/\/www.ferienwohnunglignano.at\/wp-content\/uploads\/2013\/05\/CIMG25191.jpg' title=\"\" data-rl_title=\"\" class=\"rl-gallery-link\" data-rl_caption=\"\" data-rel=\"lightbox-gallery-1\"><img loading=\"lazy\" decoding=\"async\" width=\"150\" height=\"150\" src=\"https:\/\/www.ferienwohnunglignano.at\/wp-content\/uploads\/2013\/05\/CIMG25191-150x150.jpg\" class=\"attachment-thumbnail size-thumbnail\" alt=\"\" aria-describedby=\"gallery-1-227\" \/><\/a>\n\t\t\t<\/dt>\n\t\t\t\t<dd class='wp-caption-text gallery-caption' id='gallery-1-227'>\n\t\t\t\tPhotos by Francesca, Casa Bivi\n\t\t\t\t<\/dd><\/dl><dl class='gallery-item'>\n\t\t\t<dt class='gallery-icon portrait'>\n\t\t\t\t<a href='https:\/\/www.ferienwohnunglignano.at\/wp-content\/uploads\/2013\/05\/CIMG25291.jpg' title=\"\" data-rl_title=\"\" class=\"rl-gallery-link\" data-rl_caption=\"\" data-rel=\"lightbox-gallery-1\"><img loading=\"lazy\" decoding=\"async\" width=\"150\" height=\"150\" src=\"https:\/\/www.ferienwohnunglignano.at\/wp-content\/uploads\/2013\/05\/CIMG25291-150x150.jpg\" class=\"attachment-thumbnail size-thumbnail\" alt=\"\" \/><\/a>\n\t\t\t<\/dt><\/dl><dl class='gallery-item'>\n\t\t\t<dt class='gallery-icon landscape'>\n\t\t\t\t<a href='https:\/\/www.ferienwohnunglignano.at\/wp-content\/uploads\/2013\/05\/Terrazzo-appartamento-1-03.jpg' title=\"\" data-rl_title=\"\" class=\"rl-gallery-link\" data-rl_caption=\"\" data-rel=\"lightbox-gallery-1\"><img loading=\"lazy\" decoding=\"async\" width=\"150\" height=\"150\" src=\"https:\/\/www.ferienwohnunglignano.at\/wp-content\/uploads\/2013\/05\/Terrazzo-appartamento-1-03-150x150.jpg\" class=\"attachment-thumbnail size-thumbnail\" alt=\"\" \/><\/a>\n\t\t\t<\/dt><\/dl><dl class='gallery-item'>\n\t\t\t<dt class='gallery-icon landscape'>\n\t\t\t\t<a href='https:\/\/www.ferienwohnunglignano.at\/wp-content\/uploads\/2013\/05\/Terr.-b.5-rin..jpg' title=\"\" data-rl_title=\"\" class=\"rl-gallery-link\" data-rl_caption=\"\" data-rel=\"lightbox-gallery-1\"><img loading=\"lazy\" decoding=\"async\" width=\"150\" height=\"150\" src=\"https:\/\/www.ferienwohnunglignano.at\/wp-content\/uploads\/2013\/05\/Terr.-b.5-rin.-150x150.jpg\" class=\"attachment-thumbnail size-thumbnail\" alt=\"\" \/><\/a>\n\t\t\t<\/dt><\/dl><br style=\"clear: both\" \/><dl class='gallery-item'>\n\t\t\t<dt class='gallery-icon landscape'>\n\t\t\t\t<a href='https:\/\/www.ferienwohnunglignano.at\/wp-content\/uploads\/2022\/05\/V-Terrazzo-3D-scaled.jpg' title=\"\" data-rl_title=\"\" class=\"rl-gallery-link\" data-rl_caption=\"\" data-rel=\"lightbox-gallery-1\"><img loading=\"lazy\" decoding=\"async\" width=\"150\" height=\"150\" src=\"https:\/\/www.ferienwohnunglignano.at\/wp-content\/uploads\/2022\/05\/V-Terrazzo-3D-150x150.jpg\" class=\"attachment-thumbnail size-thumbnail\" alt=\"\" \/><\/a>\n\t\t\t<\/dt><\/dl><dl class='gallery-item'>\n\t\t\t<dt class='gallery-icon portrait'>\n\t\t\t\t<a href='https:\/\/www.ferienwohnunglignano.at\/wp-content\/uploads\/2022\/05\/A-Soggiorno-quadro-cavalli.jpg' title=\"\" data-rl_title=\"\" class=\"rl-gallery-link\" data-rl_caption=\"\" data-rel=\"lightbox-gallery-1\"><img loading=\"lazy\" decoding=\"async\" width=\"150\" height=\"150\" src=\"https:\/\/www.ferienwohnunglignano.at\/wp-content\/uploads\/2022\/05\/A-Soggiorno-quadro-cavalli-150x150.jpg\" class=\"attachment-thumbnail size-thumbnail\" alt=\"\" \/><\/a>\n\t\t\t<\/dt><\/dl><dl class='gallery-item'>\n\t\t\t<dt class='gallery-icon portrait'>\n\t\t\t\t<a href='https:\/\/www.ferienwohnunglignano.at\/wp-content\/uploads\/2022\/05\/Bagno-app-6.jpg' title=\"\" data-rl_title=\"\" class=\"rl-gallery-link\" data-rl_caption=\"\" data-rel=\"lightbox-gallery-1\"><img loading=\"lazy\" decoding=\"async\" width=\"150\" height=\"150\" src=\"https:\/\/www.ferienwohnunglignano.at\/wp-content\/uploads\/2022\/05\/Bagno-app-6-150x150.jpg\" class=\"attachment-thumbnail size-thumbnail\" alt=\"\" \/><\/a>\n\t\t\t<\/dt><\/dl><dl class='gallery-item'>\n\t\t\t<dt class='gallery-icon portrait'>\n\t\t\t\t<a href='https:\/\/www.ferienwohnunglignano.at\/wp-content\/uploads\/2022\/05\/App-6-Cucina.jpg' title=\"\" data-rl_title=\"\" class=\"rl-gallery-link\" data-rl_caption=\"\" data-rel=\"lightbox-gallery-1\"><img loading=\"lazy\" decoding=\"async\" width=\"150\" height=\"150\" src=\"https:\/\/www.ferienwohnunglignano.at\/wp-content\/uploads\/2022\/05\/App-6-Cucina-150x150.jpg\" class=\"attachment-thumbnail size-thumbnail\" alt=\"\" \/><\/a>\n\t\t\t<\/dt><\/dl><br style=\"clear: both\" \/><dl class='gallery-item'>\n\t\t\t<dt class='gallery-icon portrait'>\n\t\t\t\t<a href='https:\/\/www.ferienwohnunglignano.at\/wp-content\/uploads\/2022\/05\/Z-Terrazzo-tavolo-scaled.jpg' title=\"\" data-rl_title=\"\" class=\"rl-gallery-link\" data-rl_caption=\"\" data-rel=\"lightbox-gallery-1\"><img loading=\"lazy\" decoding=\"async\" width=\"150\" height=\"150\" src=\"https:\/\/www.ferienwohnunglignano.at\/wp-content\/uploads\/2022\/05\/Z-Terrazzo-tavolo-150x150.jpg\" class=\"attachment-thumbnail size-thumbnail\" alt=\"\" \/><\/a>\n\t\t\t<\/dt><\/dl><dl class='gallery-item'>\n\t\t\t<dt class='gallery-icon portrait'>\n\t\t\t\t<a href='https:\/\/www.ferienwohnunglignano.at\/wp-content\/uploads\/2021\/05\/Foto-per-sito.jpg' title=\"\" data-rl_title=\"\" class=\"rl-gallery-link\" data-rl_caption=\"\" data-rel=\"lightbox-gallery-1\"><img loading=\"lazy\" decoding=\"async\" width=\"150\" height=\"150\" src=\"https:\/\/www.ferienwohnunglignano.at\/wp-content\/uploads\/2021\/05\/Foto-per-sito-150x150.jpg\" class=\"attachment-thumbnail size-thumbnail\" alt=\"\" \/><\/a>\n\t\t\t<\/dt><\/dl><dl class='gallery-item'>\n\t\t\t<dt class='gallery-icon landscape'>\n\t\t\t\t<a href='https:\/\/www.ferienwohnunglignano.at\/wp-content\/uploads\/2021\/05\/Parcheggio-Coperto.jpeg' title=\"\" data-rl_title=\"\" class=\"rl-gallery-link\" data-rl_caption=\"\" data-rel=\"lightbox-gallery-1\"><img loading=\"lazy\" decoding=\"async\" width=\"150\" height=\"150\" src=\"https:\/\/www.ferienwohnunglignano.at\/wp-content\/uploads\/2021\/05\/Parcheggio-Coperto-150x150.jpeg\" class=\"attachment-thumbnail size-thumbnail\" alt=\"\" \/><\/a>\n\t\t\t<\/dt><\/dl><dl class='gallery-item'>\n\t\t\t<dt class='gallery-icon portrait'>\n\t\t\t\t<a href='https:\/\/www.ferienwohnunglignano.at\/wp-content\/uploads\/2021\/05\/Vista-su-V.le-Centrale-Piazza-Abbazia.jpg' title=\"\" data-rl_title=\"\" class=\"rl-gallery-link\" data-rl_caption=\"\" data-rel=\"lightbox-gallery-1\"><img loading=\"lazy\" decoding=\"async\" width=\"150\" height=\"150\" src=\"https:\/\/www.ferienwohnunglignano.at\/wp-content\/uploads\/2021\/05\/Vista-su-V.le-Centrale-Piazza-Abbazia-150x150.jpg\" class=\"attachment-thumbnail size-thumbnail\" alt=\"\" \/><\/a>\n\t\t\t<\/dt><\/dl><br style=\"clear: both\" \/><dl class='gallery-item'>\n\t\t\t<dt class='gallery-icon landscape'>\n\t\t\t\t<a href='https:\/\/www.ferienwohnunglignano.at\/wp-content\/uploads\/2021\/05\/Parcheggio-coperto-scaled.jpg' title=\"\" data-rl_title=\"\" class=\"rl-gallery-link\" data-rl_caption=\"\" data-rel=\"lightbox-gallery-1\"><img loading=\"lazy\" decoding=\"async\" width=\"150\" height=\"150\" src=\"https:\/\/www.ferienwohnunglignano.at\/wp-content\/uploads\/2021\/05\/Parcheggio-coperto-150x150.jpg\" class=\"attachment-thumbnail size-thumbnail\" alt=\"\" \/><\/a>\n\t\t\t<\/dt><\/dl><dl class='gallery-item'>\n\t\t\t<dt class='gallery-icon landscape'>\n\t\t\t\t<a href='https:\/\/www.ferienwohnunglignano.at\/wp-content\/uploads\/2013\/05\/I-nostri-gatti-da-guardia.jpg' title=\"\" data-rl_title=\"\" class=\"rl-gallery-link\" data-rl_caption=\"\" data-rel=\"lightbox-gallery-1\"><img loading=\"lazy\" decoding=\"async\" width=\"150\" height=\"150\" src=\"https:\/\/www.ferienwohnunglignano.at\/wp-content\/uploads\/2013\/05\/I-nostri-gatti-da-guardia-150x150.jpg\" class=\"attachment-thumbnail size-thumbnail\" alt=\"\" aria-describedby=\"gallery-1-366\" \/><\/a>\n\t\t\t<\/dt>\n\t\t\t\t<dd class='wp-caption-text gallery-caption' id='gallery-1-366'>\n\t\t\t\tGarfield e Romeo\n\t\t\t\t<\/dd><\/dl><dl class='gallery-item'>\n\t\t\t<dt class='gallery-icon landscape'>\n\t\t\t\t<a href='https:\/\/www.ferienwohnunglignano.at\/wp-content\/uploads\/2021\/05\/Terrazzo-01-App-2.jpg' title=\"\" data-rl_title=\"\" class=\"rl-gallery-link\" data-rl_caption=\"\" data-rel=\"lightbox-gallery-1\"><img loading=\"lazy\" decoding=\"async\" width=\"150\" height=\"150\" src=\"https:\/\/www.ferienwohnunglignano.at\/wp-content\/uploads\/2021\/05\/Terrazzo-01-App-2-150x150.jpg\" class=\"attachment-thumbnail size-thumbnail\" alt=\"\" \/><\/a>\n\t\t\t<\/dt><\/dl>\n\t\t\t<br style='clear: both' \/>\n\t\t<\/div>\n\n","protected":false},"excerpt":{"rendered":"<p>FERIENWOHNUNGVERMIETUNG VON PRIVAT ! WIR HABEN WI-FI UND KLIMAANLAGE!! &nbsp; Haus Bivi liegt in Lignano Sabbiadoro, 150 mt. von Meer entfernt und ein Paar Schritte vom Einkaufszentrum. Unser Haus bietet seinen G\u00e4sten 8 m\u00f6blierte Ferienwohnungen auf 3 Stockwerken mit einem privaten Aufzug. Die Wohnungen sind von ca 39 m\u00b2 bis 60 m\u00b2 gro\u00df und bieten [&hellip;]<\/p>\n","protected":false},"author":1,"featured_media":0,"parent":0,"menu_order":0,"comment_status":"closed","ping_status":"closed","template":"","meta":{"footnotes":""},"class_list":["post-9","page","type-page","status-publish","hentry"],"_links":{"self":[{"href":"https:\/\/www.ferienwohnunglignano.at\/index.php?rest_route=\/wp\/v2\/pages\/9","targetHints":{"allow":["GET"]}}],"collection":[{"href":"https:\/\/www.ferienwohnunglignano.at\/index.php?rest_route=\/wp\/v2\/pages"}],"about":[{"href":"https:\/\/www.ferienwohnunglignano.at\/index.php?rest_route=\/wp\/v2\/types\/page"}],"author":[{"embeddable":true,"href":"https:\/\/www.ferienwohnunglignano.at\/index.php?rest_route=\/wp\/v2\/users\/1"}],"replies":[{"embeddable":true,"href":"https:\/\/www.ferienwohnunglignano.at\/index.php?rest_route=%2Fwp%2Fv2%2Fcomments&post=9"}],"version-history":[{"count":8,"href":"https:\/\/www.ferienwohnunglignano.at\/index.php?rest_route=\/wp\/v2\/pages\/9\/revisions"}],"predecessor-version":[{"id":754,"href":"https:\/\/www.ferienwohnunglignano.at\/index.php?rest_route=\/wp\/v2\/pages\/9\/revisions\/754"}],"wp:attachment":[{"href":"https:\/\/www.ferienwohnunglignano.at\/index.php?rest_route=%2Fwp%2Fv2%2Fmedia&parent=9"}],"curies":[{"name":"wp","href":"https:\/\/api.w.org\/{rel}","templated":true}]}}